{"id":2,"date":"2016-05-10T03:48:21","date_gmt":"2016-05-10T03:48:21","guid":{"rendered":"http:\/\/fewo-schluechtern.de\/?page_id=2"},"modified":"2025-04-22T16:50:58","modified_gmt":"2025-04-22T16:50:58","slug":"sample-page","status":"publish","type":"page","link":"https:\/\/fewo-schluechtern.de\/?page_id=2","title":{"rendered":"RESERVIERUNG"},"content":{"rendered":"\n<figure class=\"wp-block-image size-large is-style-rounded\"><img loading=\"lazy\" decoding=\"async\" width=\"1024\" height=\"768\" src=\"https:\/\/fewo-schluechtern.de\/wp-content\/uploads\/2024\/07\/Wohnzimmer-1-1024x768.jpg\" alt=\"\" class=\"wp-image-249\" srcset=\"https:\/\/fewo-schluechtern.de\/wp-content\/uploads\/2024\/07\/Wohnzimmer-1-1024x768.jpg 1024w, https:\/\/fewo-schluechtern.de\/wp-content\/uploads\/2024\/07\/Wohnzimmer-1-300x225.jpg 300w, https:\/\/fewo-schluechtern.de\/wp-content\/uploads\/2024\/07\/Wohnzimmer-1-768x576.jpg 768w, https:\/\/fewo-schluechtern.de\/wp-content\/uploads\/2024\/07\/Wohnzimmer-1-1536x1152.jpg 1536w, https:\/\/fewo-schluechtern.de\/wp-content\/uploads\/2024\/07\/Wohnzimmer-1.jpg 1712w\" sizes=\"(max-width: 1024px) 100vw, 1024px\" \/><\/figure>\n\n\n\n<h3 class=\"wp-block-heading\">PREISE<\/h3>\n\n\n\n<p>1 Person (75\u20ac\/ Nacht)<\/p>\n\n\n\n<p>2 Personen (95\u20ac\/ Nacht)<\/p>\n\n\n\n<p>3 Personen (115\u20ac\/ Nacht)<\/p>\n\n\n\n<p>4 Personen (135\u20ac\/ Nacht)<\/p>\n\n\n\n<p>F\u00fcr Kinder unter 6 Jahren fallen keine Geb\u00fchren an. <\/p>\n\n\n\n<h3 class=\"wp-block-heading\">RESERVIERUNGSANFRAGEN\/ KONTAKT<\/h3>\n\n\n\n<p>Inhaber: Felix Oberl\u00e4nder<\/p>\n\n\n\n<p>Via E-Mail: info@fewo-schluechtern.de<\/p>\n\n\n\n<p>Via Tel.: +49 151 522 76124<\/p>\n\n\n\n<p>&#8212;&#8212;&#8212;&#8212;&#8212;&#8212;&#8212;&#8212;&#8212;&#8212;&#8212;&#8212;&#8212;&#8211;<\/p>\n\n\n\n<h2 class=\"wp-block-heading\"><strong>IHR WOHLF\u00dcHL-APARTMENT<\/strong><\/h2>\n\n\n\n<p>Das voll ausgestattete Apartment liegt im Kernstadtgebiet von Schl\u00fcchtern in einem ruhigen Wohngebiet. Zur Ausstattung geh\u00f6ren:<\/p>\n\n\n\n<h3 class=\"wp-block-heading\">WOHN-\/ ESSZIMMER<\/h3>\n\n\n\n<p><strong>K\u00fcchenzeile<\/strong> (inkl. Ceranfeld, Sp\u00fcle, K\u00fchlschrank, Mikrowelle, Geschirr, T\u00f6pfe und Pfanne), <strong>Esstisch<\/strong> f\u00fcr 4 Personen, Sitzecke mit <strong>Internet-TV &amp; Streaming<\/strong> (Amazon Prime), <strong>Schlafsofa\/ Tagesbett <\/strong>(160x200cm)<\/p>\n\n\n\n<h3 class=\"wp-block-heading\">SCHLAFZIMMER<\/h3>\n\n\n\n<p>Queensize Bett (160x200cm), Einzelbett (90x200cm)<\/p>\n\n\n\n<h3 class=\"wp-block-heading\">BADEZIMMER\/ WC<\/h3>\n\n\n\n<p>Ger\u00e4umiges Badezimmer mit Duschkabine &amp; Waschtisch<\/p>\n\n\n\n<p>Separates WC<\/p>\n\n\n\n<h3 class=\"wp-block-heading\">WEITERE LEISTUNGEN<\/h3>\n\n\n\n<p><strong><strong>Kostenloser Parkplatz, Highspeed WLAN<\/strong>, <\/strong>Bettw\u00e4sche, Endreinigung (bei Langzeitmiete 1x w\u00f6chentlich), Grundausstattung an Putz- und Sp\u00fclmittel<\/p>\n\n\n\n<h3 class=\"wp-block-heading\">LAGE<\/h3>\n\n\n\n<p>Der Bahnhof Schl\u00fcchtern sowie die A66 sind in wenigen Minuten mit dem Auto bzw. den \u00f6ffentlichen Verkehrsmitteln erreichbar. Die n\u00e4chste Bushaltestelle ist ca. 5 Gehminuten entfernt.<\/p>\n\n\n\n<h3 class=\"wp-block-heading\">STORNOBEDINGUNGEN<\/h3>\n\n\n\n<p>Stornierung&#8230;<\/p>\n\n\n\n<p>&#8230;bis 4 Wochen vor Anreise &#8211; 100% R\u00fcckerstattung<\/p>\n\n\n\n<p>&#8230;bis 7 Tage vor Anreise &#8211; 50% R\u00fcckerstattung<\/p>\n\n\n\n<p>Wir bitten um Ihr Verst\u00e4ndnis, dass Buchungen, die weniger als 7 Tage vor der Anreise storniert werden, nicht r\u00fcckerstattungsf\u00e4hig sind.<\/p>\n","protected":false},"excerpt":{"rendered":"<p> <span class=\"readmore\"><a href=\"https:\/\/fewo-schluechtern.de\/?page_id=2\">Weiterlesen\u00a0\u2026<\/a><\/span><\/p>\n","protected":false},"author":1,"featured_media":243,"parent":50,"menu_order":0,"comment_status":"closed","ping_status":"open","template":"","meta":{"footnotes":""},"_links":{"self":[{"href":"https:\/\/fewo-schluechtern.de\/index.php?rest_route=\/wp\/v2\/pages\/2"}],"collection":[{"href":"https:\/\/fewo-schluechtern.de\/index.php?rest_route=\/wp\/v2\/pages"}],"about":[{"href":"https:\/\/fewo-schluechtern.de\/index.php?rest_route=\/wp\/v2\/types\/page"}],"author":[{"embeddable":true,"href":"https:\/\/fewo-schluechtern.de\/index.php?rest_route=\/wp\/v2\/users\/1"}],"replies":[{"embeddable":true,"href":"https:\/\/fewo-schluechtern.de\/index.php?rest_route=%2Fwp%2Fv2%2Fcomments&post=2"}],"version-history":[{"count":30,"href":"https:\/\/fewo-schluechtern.de\/index.php?rest_route=\/wp\/v2\/pages\/2\/revisions"}],"predecessor-version":[{"id":256,"href":"https:\/\/fewo-schluechtern.de\/index.php?rest_route=\/wp\/v2\/pages\/2\/revisions\/256"}],"up":[{"embeddable":true,"href":"https:\/\/fewo-schluechtern.de\/index.php?rest_route=\/wp\/v2\/pages\/50"}],"wp:featuredmedia":[{"embeddable":true,"href":"https:\/\/fewo-schluechtern.de\/index.php?rest_route=\/wp\/v2\/media\/243"}],"wp:attachment":[{"href":"https:\/\/fewo-schluechtern.de\/index.php?rest_route=%2Fwp%2Fv2%2Fmedia&parent=2"}],"curies":[{"name":"wp","href":"https:\/\/api.w.org\/{rel}","templated":true}]}}